{"id":8451,"date":"2020-03-24T09:59:38","date_gmt":"2020-03-24T09:59:38","guid":{"rendered":"https:\/\/kodyka.com\/politica-privacidad\/"},"modified":"2023-02-28T21:12:54","modified_gmt":"2023-02-28T21:12:54","slug":"politica-privacidad","status":"publish","type":"page","link":"https:\/\/kodyka.com\/de\/politica-privacidad\/","title":{"rendered":"DATENSCHUTZRICHTLINIEN"},"content":{"rendered":"<section  class='av_textblock_section av-leoqnxsw-ea374672bb97cce01ed2d946f6191d86'  itemscope=\"itemscope\" itemtype=\"https:\/\/schema.org\/CreativeWork\" ><div class='avia_textblock'  itemprop=\"text\" ><h3>\u00dcber uns?<\/h3>\n<p>o Unser Name: Kodyka S.L.<\/p>\n<p>o Unser Kerngesch\u00e4ft: Herstellung, Vertrieb und Verkauf von TIJ 2.5 Thermodruckern und Tinten<\/p>\n<p>o Unsere Adresse: Avenida de Mendavia 11, Pabell\u00f3n N\u00ba 16, 26009, Logro\u00f1o, La Rioja, Spanien<\/p>\n<p>o Unsere Kontakttelefonnummer: +34 941743964<\/p>\n<p>o Unsere Kontakt-E-Mail-Adresse: info@kodyka.com<\/p>\n<p>o Unsere Website: https:\/\/kodyka.com<\/p>\n<p>o Zu Ihrem Vertrauen und Ihrer Sicherheit teilen wir Ihnen mit, dass wir eine im folgenden Handelsregister\/\u00f6ffentlichen Register eingetragene Einheit sind: R.M. de la Rioja, Band 854, Seite 158, Inschrift: 1, Blatt: LO: 18595<\/p>\n<p>Wir stehen Ihnen zur Verf\u00fcgung, z\u00f6gern Sie nicht, uns zu kontaktieren.<\/p>\n<\/div><\/section>\n<section  class='av_textblock_section av-kb69hmgd-6eada6a40168445d4dd279715160dc2d'  itemscope=\"itemscope\" itemtype=\"https:\/\/schema.org\/CreativeWork\" ><div class='avia_textblock'  itemprop=\"text\" ><p><strong><u>VERARBEITUNG PERSONENBEZOGENER DATEN \u00dcBER DIE WEBSITE<\/u><\/strong><\/p>\n<p>In \u00dcbereinstimmung mit den geltenden Datenschutzbestimmungen informieren wir Sie dar\u00fcber, dass die Daten von <strong>Indetec marcaje y codificaci\u00f3n S.L. <\/strong>verarbeitet werden. Der Zweck der Verarbeitung besteht darin, die vom Benutzer \u00fcber unser Kontaktformular angeforderte Dienstleistung zu erbringen, und daf\u00fcr m\u00fcssen Sie das K\u00e4stchen ankreuzen, das Ihre Zustimmung zu dieser Politik anzeigt.<\/p>\n<p>F\u00fcr die korrekte Erbringung der von <strong>Indetec marcaje y codificaci\u00f3n S.L. <\/strong>angebotenen Dienstleistungen ist es erforderlich, dass der Nutzer alle Fragen beantwortet, die in den Formularen auf unserer Website erscheinen. Ebenso erkl\u00e4rt der Benutzer, dass er vollj\u00e4hrig ist.<\/p>\n<p>Die Verarbeitung der angeforderten pers\u00f6nlichen Daten wird auch zum Zweck der Zusendung von kommerziellen Informationen \u00fcber Produkte und Dienstleistungen, die derzeit und in Zukunft von <strong>Indetec marcaje y codificaci\u00f3n S.L. <\/strong>angeboten werden, verwendet; diese Informationen umfassen Werbe- und verkaufsf\u00f6rdernde Mitteilungen, per Post, Fax, E-Mail oder auf andere Weise. Zur Durchf\u00fchrung dieser Behandlung ist es notwendig, dass der Benutzer das daf\u00fcr vorgesehene K\u00e4stchen im Formular auf der Website ankreuzt.<\/p>\n<p>In Anbetracht des pers\u00f6nlichen Charakters der \u00fcbermittelten Daten verpflichtet sich <strong>Indetec marcaje y codificaci\u00f3n S.L., <\/strong>diese streng vertraulich zu behandeln und geheim zu halten. Zu diesem Zweck hat das Unternehmen gem\u00e4\u00df der durchgef\u00fchrten Risikoanalyse die entsprechenden Sicherheitsma\u00dfnahmen getroffen.<\/p>\n<p>Wir informieren Sie dar\u00fcber, dass Ihre Daten nicht an Dritte weitergegeben werden und auch kein internationaler Datentransfer stattfindet, au\u00dfer im Falle gesetzlicher Verpflichtungen oder notwendiger \u00dcbermittlungen, die ausschlie\u00dflich f\u00fcr die Erbringung der angeforderten Dienstleistung erforderlich sind.<\/p>\n<p><strong><u>RECHTE<\/u><\/strong><\/p>\n<p>Die gesammelten und verarbeiteten Daten werden f\u00fcr einen begrenzten Zeitraum aufbewahrt, der notwendig ist, um die rechtlichen Verpflichtungen zu erf\u00fcllen, die <strong>Indetec marcaje y codificaci\u00f3n S.L. <\/strong>durch die verschiedenen geltenden Vorschriften auferlegt werden.<\/p>\n<p>Der Nutzer als Interessent kann jederzeit die folgenden Rechte unter der im Impressum angegebenen Adresse aus\u00fcben:<\/p>\n<p><u>Auskunftsrecht<\/u>: Die betroffene Person kann von dem f\u00fcr die Verarbeitung Verantwortlichen verlangen, welche Daten verarbeitet werden und wenn ja, welche konkreten personenbezogenen Daten verarbeitet werden.<\/p>\n<p><u>Recht auf Berichtigung<\/u>: Die betroffene Person kann von dem f\u00fcr die Verarbeitung Verantwortlichen die Berichtigung ihrer personenbezogenen Daten verlangen, wenn diese unrichtig sind.<\/p>\n<p><u>Recht auf L\u00f6schung: <\/u>Die betroffene Person kann von dem f\u00fcr die Verarbeitung Verantwortlichen verlangen, dass ihre personenbezogenen Daten gel\u00f6scht werden.<\/p>\n<p><u>Widerspruchsrecht: <\/u>Die betroffene Person kann gegen die Verarbeitung ihrer personenbezogenen Daten durch den f\u00fcr die Verarbeitung Verantwortlichen Widerspruch einlegen.<\/p>\n<p><u>Recht auf Einschr\u00e4nkung der Verarbeitung<\/u>: Die betroffene Person kann von dem f\u00fcr die Verarbeitung Verantwortlichen verlangen, dass die Verarbeitung ihrer personenbezogenen Daten in bestimmten F\u00e4llen vor\u00fcbergehend eingestellt wird.<\/p>\n<p><u>Recht auf \u00dcbertragbarkeit: <\/u>Die betroffene Person kann von dem f\u00fcr die Verarbeitung Verantwortlichen ihre automatisierten Daten in einem strukturierten Format anfordern, das leicht zug\u00e4nglich und nutzbar ist.<\/p>\n<p>Weitere Informationen \u00fcber Ihre Rechte finden Sie unter www.agpd.es.<\/p>\n<p>Sie haben auch das Recht, eine Beschwerde bei der spanischen Datenschutzbeh\u00f6rde einzureichen.<\/p>\n<p><strong><u>COOKIES<\/u><\/strong><\/p>\n<p>In jedem &#8220;Cookie&#8221; werden folgende Daten gespeichert: Sprache, Datum und Uhrzeit des letzten Besuchs des Nutzers auf unserer Website, Gestaltung der Inhalte, die der Nutzer bei seinem ersten Besuch auf unserer Website gew\u00e4hlt hat, sowie Sicherheitselemente zur Kontrolle des Zugangs zu gesch\u00fctzten Bereichen.<\/p>\n<p>Auf dieser Website untersuchen wir die Pr\u00e4ferenzen unserer Nutzer (demografische Merkmale, ihr Verkehrsverhalten und andere Informationen, um das Verhalten und Profil unserer Nutzer zu verstehen). Die Verfolgung der Pr\u00e4ferenzen unserer Nutzer hilft uns, unsere Website und unsere Dienstleistungen zu verbessern.<\/p>\n<p>Zu diesem Zweck verwenden wir das System Google Analytics (das Tool von Google zur Messung des Website-Verkehrs), das m\u00f6glicherweise Cookies auf Ihrem Computer speichert, um uns bei der Erfassung von Informationen zu helfen, die ausschlie\u00dflich f\u00fcr statistische Zwecke und zur Untersuchung des Verhaltens der Nutzer unserer Website verwendet werden. Die durch den Cookie gesammelten Informationen (einschlie\u00dflich der IP-Adresse) werden gespeichert und an Google-Server in den Vereinigten Staaten \u00fcbertragen.\u00a0 Google wird diese Informationen benutzen, um Ihre Aktivit\u00e4ten auf unserer Website zusammenzustellen und um Reports \u00fcber die Nutzung der Website zu erstellen.\u00a0\u00a0\u00a0\u00a0\u00a0\u00a0\u00a0\u00a0\u00a0\u00a0\u00a0\u00a0\u00a0\u00a0\u00a0 Google kann diese Informationen auch an Dritte weitergeben, wenn dies gesetzlich vorgeschrieben ist.\u00a0 Durch die Annahme dieser Erkl\u00e4rung erkl\u00e4ren Sie sich mit der Verwendung der von Google Analytics erfassten Informationen durch Google einverstanden.<\/p>\n<p>Sie k\u00f6nnen Ihren Browser so einstellen, dass die Speicherung von Cookies auf Ihrem Computer abgelehnt wird. Weitere Informationen finden Sie in unserer Cookie-Richtlinie.<\/p>\n<p><strong><u>VOLLST\u00c4NDIGE INFORMATIONEN \u00dcBER DIE VERARBEITUNG DER PERSONENBEZOGENEN DATEN<\/u><\/strong><\/p>\n<p><strong><u>DATENVERANTWORTLICHER<\/u><\/strong><\/p>\n<p><strong>Wer ist f\u00fcr die Verarbeitung Ihrer Daten verantwortlich?<\/strong><\/p>\n<p>&#8211; Identit\u00e4t: <strong>Indetec marcaje y codificaci\u00f3n S.L.<\/strong><\/p>\n<p>&#8211; Postanschrift: Avenida de Mendavia 11, Pabell\u00f3n Nr. 16 26009 Logro\u00f1o<\/p>\n<p>&#8211; E-Mail: info@kodyka.com<\/p>\n<p><strong><u>ZWECK DER VERARBEITUNG<\/u><\/strong><\/p>\n<p><strong>Zu welchen Zwecken verarbeiten wir Ihre personenbezogenen Daten?<\/strong><\/p>\n<p><strong>Indetec marcaje y codificaci\u00f3n S.L. <\/strong>verarbeitet die von den Interessenten zur Verf\u00fcgung gestellten Daten zu folgenden Zwecken:<\/p>\n<p>&#8211; Management und Verwaltung der vertraglichen Beziehungen zu <strong>Lieferanten, Kunden und Mitarbeitern.<\/strong><\/p>\n<p>&#8211; Um Interessenten mit <strong>kommerziellen Informationen <\/strong>\u00fcber Produkte und Dienstleistungen zu versorgen, die f\u00fcr sie von Interesse sein k\u00f6nnten.<\/p>\n<p>&#8211; Beantwortung Ihrer Anfragen und Fragen, falls Sie uns \u00fcber die <strong>Website <\/strong>Fragen stellen.<\/p>\n<p>&#8211; Ihre Bewerbung f\u00fcr ein zuk\u00fcnftiges Stellenangebot zu bewerten, wenn Sie uns Ihren <strong>Lebenslauf zur Verf\u00fcgung <\/strong>gestellt haben.<\/p>\n<p><strong>\u00a0<\/strong><\/p>\n<p><strong>Wie lange werden wir Ihre Daten aufbewahren?<\/strong><\/p>\n<p>Die \u00fcbermittelten personenbezogenen Daten werden aufbewahrt:<\/p>\n<ol>\n<li>(a) Solange die Gesch\u00e4ftsbeziehung andauert.<\/li>\n<li>(b) die betroffene Person die L\u00f6schung nicht beantragt hat.<\/li>\n<li>(c) Informationen, deren Aufbewahrung f\u00fcr einen bestimmten Zeitraum gesetzlich vorgeschrieben ist, werden erst nach Ablauf der gesetzlich vorgeschriebenen Frist gel\u00f6scht.<\/li>\n<\/ol>\n<p><strong><u>LEGITIMIERUNG DER VERARBEITUNG<\/u><\/strong><\/p>\n<p><strong>Wodurch wird die Verarbeitung Ihrer Daten legitimiert?<\/strong><\/p>\n<p>Die Rechtsgrundlage f\u00fcr die Verarbeitung Ihrer Daten ist wie folgt:<\/p>\n<p>&#8211; Ausf\u00fchrung des Vertrags, wenn Sie <strong>Arbeitnehmer, Kunde oder Lieferant <\/strong>sind.<\/p>\n<p>&#8211; Zustimmung der betroffenen Person, die auf der Website erteilt wird, wenn Sie eine Anfrage oder einen Antrag \u00fcber unser Kontaktformular stellen.<\/p>\n<p>&#8211; Antrag der betroffenen Person auf Anwendung vorvertraglicher Ma\u00dfnahmen, wenn sie ihren Lebenslauf \u00fcbermittelt hat.<\/p>\n<p>&#8211; Berechtigtes Interesse an der <strong>Zusendung von Werbung<\/strong>.<\/p>\n<p><strong><u>DIE EMPF\u00c4NGER DER GELIEFERTEN DATEN<\/u><\/strong><\/p>\n<p><strong>An welche Empf\u00e4nger werden Ihre Daten weitergegeben?<\/strong><\/p>\n<ol>\n<li><strong>(a) Die <\/strong>Daten werden <strong>aufgrund gesetzlicher Vorschriften <\/strong>an folgende Stellen weitergegeben:<\/li>\n<\/ol>\n<p>&#8211; Sozialversicherungstr\u00e4ger (f\u00fcr Arbeitnehmer)<\/p>\n<p>&#8211; Steuerverwaltung (im Falle von Arbeitnehmern, Lieferanten und Kunden)<\/p>\n<p>&#8211; Andere Stellen der \u00f6ffentlichen Verwaltung (im Falle von Mitarbeitern, Lieferanten und Kunden)<\/p>\n<ol>\n<li>(b) Die Daten werden aufgrund <strong>vertraglicher Verpflichtungen <\/strong>an folgende Stellen weitergegeben:<\/li>\n<\/ol>\n<p>&#8211; Banken, Sparkassen und l\u00e4ndliche Banken<\/p>\n<p><strong><u>RECHTE DER BETROFFENEN PARTEIEN<\/u><\/strong><\/p>\n<p><strong>Welche Rechte haben Sie?<\/strong><\/p>\n<p>Jede Person hat das Recht, eine Best\u00e4tigung dar\u00fcber zu erhalten, ob <strong>Indetec marcaje y codificaci\u00f3n S.L. <\/strong>sie betreffende personenbezogene Daten verarbeitet oder nicht.<\/p>\n<p><em><u>Auskunftsrecht: <\/u><\/em>Die betroffene Person kann von dem f\u00fcr die Verarbeitung Verantwortlichen verlangen, welche Daten verarbeitet werden und wenn ja, welche konkreten personenbezogenen Daten verarbeitet werden.<\/p>\n<p><em><u>Recht auf Berichtigung<\/u><\/em>: Die betroffene Person kann von dem f\u00fcr die Verarbeitung Verantwortlichen die Berichtigung ihrer personenbezogenen Daten verlangen, wenn diese unrichtig sind.<\/p>\n<p><u>Recht auf L\u00f6schung<\/u>: Die betroffene Person kann von dem f\u00fcr die Verarbeitung Verantwortlichen die L\u00f6schung ihrer personenbezogenen Daten verlangen, wenn die Daten unter anderem f\u00fcr die Zwecke, f\u00fcr die sie erhoben wurden, nicht mehr erforderlich sind.<\/p>\n<p><em><u>Widerspruchsrecht<\/u><\/em>: Die betroffene Person kann gegen die Verarbeitung ihrer personenbezogenen Daten durch den f\u00fcr die Verarbeitung Verantwortlichen Widerspruch einlegen.<\/p>\n<p><em><u>Recht auf Einschr\u00e4nkung der Verarbeitung<\/u><\/em>: Die betroffene Person kann von dem f\u00fcr die Verarbeitung Verantwortlichen verlangen, dass die Verarbeitung ihrer personenbezogenen Daten in bestimmten F\u00e4llen vor\u00fcbergehend eingestellt wird.<\/p>\n<p><em><u>Recht auf \u00dcbertragbarkeit: <\/u><\/em>Die betroffene Person kann von dem f\u00fcr die Verarbeitung Verantwortlichen ihre automatisierten Daten in einem strukturierten Format anfordern, das leicht zug\u00e4nglich und nutzbar ist.<\/p>\n<p><strong>Wie k\u00f6nnen die Rechte ausge\u00fcbt werden?<\/strong><\/p>\n<p>Mittels eines an <strong>Indetec marcaje y codificaci\u00f3n S.L. <\/strong>gerichteten Schreibens.<\/p>\n<p>Avenida de Mendavia 11, Pabell\u00f3n N\u00ba 16, 26009 Logro\u00f1o<\/p>\n<p><strong>Welche M\u00f6glichkeiten der Beschwerde gibt es?<\/strong><\/p>\n<p>Wenn Sie der Meinung sind, dass Ihre Rechte nicht ordnungsgem\u00e4\u00df beachtet wurden, haben Sie das Recht, eine Beschwerde bei der spanischen Datenschutzbeh\u00f6rde, C\/ Jorge Juan, 6. 28001 &#8211; Madrid, einzureichen.<\/p>\n<\/div><\/section>\n","protected":false},"excerpt":{"rendered":"","protected":false},"author":1,"featured_media":0,"parent":0,"menu_order":0,"comment_status":"closed","ping_status":"open","template":"","meta":{"footnotes":""},"class_list":["post-8451","page","type-page","status-publish","hentry"],"_links":{"self":[{"href":"https:\/\/kodyka.com\/de\/wp-json\/wp\/v2\/pages\/8451","targetHints":{"allow":["GET"]}}],"collection":[{"href":"https:\/\/kodyka.com\/de\/wp-json\/wp\/v2\/pages"}],"about":[{"href":"https:\/\/kodyka.com\/de\/wp-json\/wp\/v2\/types\/page"}],"author":[{"embeddable":true,"href":"https:\/\/kodyka.com\/de\/wp-json\/wp\/v2\/users\/1"}],"replies":[{"embeddable":true,"href":"https:\/\/kodyka.com\/de\/wp-json\/wp\/v2\/comments?post=8451"}],"version-history":[{"count":5,"href":"https:\/\/kodyka.com\/de\/wp-json\/wp\/v2\/pages\/8451\/revisions"}],"predecessor-version":[{"id":14675,"href":"https:\/\/kodyka.com\/de\/wp-json\/wp\/v2\/pages\/8451\/revisions\/14675"}],"wp:attachment":[{"href":"https:\/\/kodyka.com\/de\/wp-json\/wp\/v2\/media?parent=8451"}],"curies":[{"name":"wp","href":"https:\/\/api.w.org\/{rel}","templated":true}]}}