{"id":18167,"date":"2020-06-11T09:41:32","date_gmt":"2020-06-11T09:41:32","guid":{"rendered":"https:\/\/kodyka.com\/politica-de-privacidad\/"},"modified":"2020-06-11T09:41:32","modified_gmt":"2020-06-11T09:41:32","slug":"politica-de-privacidad","status":"publish","type":"page","link":"https:\/\/kodyka.com\/pt\/politica-de-privacidad\/","title":{"rendered":"POL\u00cdTICAS DE PRIVACIDADE"},"content":{"rendered":"<section  class='av_textblock_section av-kb69hmgd-6eada6a40168445d4dd279715160dc2d'  itemscope=\"itemscope\" itemtype=\"https:\/\/schema.org\/CreativeWork\" ><div class='avia_textblock'  itemprop=\"text\" ><h2>Quem somos?<\/h2>\n<p>o Nosso nome: Kodyka S.L.<\/p>\n<p>o Nosso core business: fabrica\u00e7\u00e3o, distribui\u00e7\u00e3o e venda de impressoras e tintas t\u00e9rmicas TIJ 2.5<\/p>\n<p>o Nosso endere\u00e7o: Avenida de Mendavia 11, Pabell\u00f3n N\u00ba 16, 26009, Logro\u00f1o, La Rioja, Espanha<\/p>\n<p>o Nosso telefone de contato: +34 941743964<\/p>\n<p>o Nosso endere\u00e7o de e-mail de contato: info@kodyka.com<\/p>\n<p>o Nosso site: https:\/\/kodyka.com<\/p>\n<p>o Para sua confian\u00e7a e seguran\u00e7a, informamos que somos uma entidade inscrita no seguinte Registo Mercantil\/Registo P\u00fablico: R.M. de la Rioja, Volume 854, P\u00e1gina 158, Inscri\u00e7\u00e3o: 1, Folha: LO: 18595<\/p>\n<p>Estamos ao seu dispor, n\u00e3o hesite em contactar-nos.<\/p>\n<\/div><\/section>\n<section  class='av_textblock_section av-kb69hmgd-6eada6a40168445d4dd279715160dc2d'  itemscope=\"itemscope\" itemtype=\"https:\/\/schema.org\/CreativeWork\" ><div class='avia_textblock'  itemprop=\"text\" ><p><strong><u>TRATAMENTO DE DADOS PESSOAIS ATRAV\u00c9S DO WEBSITE<\/u><\/strong><\/p>\n<p>Em conformidade com as disposi\u00e7\u00f5es da regulamenta\u00e7\u00e3o aplic\u00e1vel sobre Protec\u00e7\u00e3o de Dados, informamos que os dados ser\u00e3o tratados pela <strong>Indetec marcaje y codificaci\u00f3n S.L. <\/strong>cuja finalidade do tratamento \u00e9 fornecer o servi\u00e7o solicitado pelo utilizador atrav\u00e9s do nosso formul\u00e1rio de contacto e para tal precisamos que marque a caixa indicando a aceita\u00e7\u00e3o desta pol\u00edtica, para que se n\u00e3o o fizer n\u00e3o tenhamos o seu consentimento expresso e, por conseguinte, n\u00e3o possamos responder ao seu pedido.<\/p>\n<p>Para a correcta presta\u00e7\u00e3o dos servi\u00e7os oferecidos pela <strong>Indetec marcaje y codificaci\u00f3n S.L. <\/strong>\u00e9 necess\u00e1rio que o utilizador responda a todas e cada uma das quest\u00f5es que aparecem nos formul\u00e1rios do nosso s\u00edtio web. Da mesma forma, o utilizador declara que \u00e9 maior de idade.<\/p>\n<p>O tratamento dos dados pessoais solicitados ser\u00e1 tamb\u00e9m utilizado para efeitos de envio de informa\u00e7\u00f5es comerciais sobre produtos e servi\u00e7os actualmente e no futuro oferecidos pela <strong>Indetec marcaje y codificaci\u00f3n S.L.<\/strong>; estas informa\u00e7\u00f5es incluem publicidade e comunica\u00e7\u00f5es promocionais, por correio, fax, correio electr\u00f3nico ou qualquer outro meio. Para realizar este tratamento \u00e9 necess\u00e1rio que o utilizador marque a caixa prevista para o efeito no formul\u00e1rio do website.<\/p>\n<p>Dada a natureza pessoal dos dados fornecidos, a <strong>Indetec marcaje y codificaci\u00f3n S.L. <\/strong>compromete-se a trat\u00e1-los com estrita confidencialidade e a mant\u00ea-los em segredo. Para o efeito, a empresa implementou as medidas de seguran\u00e7a adequadas de acordo com a an\u00e1lise de risco efectuada.<\/p>\n<p>Informamos que os seus dados n\u00e3o ser\u00e3o transferidos para terceiros nem ser\u00e3o efectuadas transfer\u00eancias internacionais de dados, excepto para obriga\u00e7\u00f5es legais ou transfer\u00eancias necess\u00e1rias apenas e exclusivamente quando for necess\u00e1rio para a presta\u00e7\u00e3o do servi\u00e7o solicitado, caso em que ser\u00e1 solicitado o consentimento.<\/p>\n<p><strong><u>DIREITOS<\/u><\/strong><\/p>\n<p>Os dados recolhidos e tratados ser\u00e3o mantidos durante um per\u00edodo de tempo limitado, necess\u00e1rio para cumprir as obriga\u00e7\u00f5es legais impostas \u00e0 <strong>Indetec marcaje y codificaci\u00f3n S.L. <\/strong>pelos diferentes regulamentos aplic\u00e1veis.<\/p>\n<p>O utilizador como parte interessada pode, a qualquer momento, exercer os seguintes direitos no endere\u00e7o indicado no Aviso Legal:<\/p>\n<p><u>Direito de acesso<\/u>: o titular dos dados pode solicitar ao Controlador de Dados que dados s\u00e3o tratados e, em caso afirmativo, que dados pessoais espec\u00edficos s\u00e3o tratados.<\/p>\n<p><u>Direito de rectifica\u00e7\u00e3o<\/u>: o titular dos dados pode solicitar ao Controlador de Dados que corrija os seus dados pessoais, se estes estiverem incorrectos.<\/p>\n<p><u>Direito de apagamento: <\/u>o titular dos dados pode solicitar ao Controlador que apague os seus dados pessoais.<\/p>\n<p><u>Direito de oposi\u00e7\u00e3o: <\/u>o titular dos dados pode opor-se ao tratamento dos seus dados pessoais pelo Controlador.<\/p>\n<p><u>Direito \u00e0 restri\u00e7\u00e3o do tratamento<\/u>: o titular dos dados pode solicitar ao Controlador que cesse temporariamente o tratamento dos seus dados pessoais em casos espec\u00edficos.<\/p>\n<p><u>Direito \u00e0 portabilidade: <\/u>o titular dos dados pode solicitar ao Controlador de Dados os seus dados automatizados num formato estruturado que seja de f\u00e1cil acesso e utiliza\u00e7\u00e3o.<\/p>\n<p>Mais informa\u00e7\u00f5es sobre os seus direitos podem ser encontradas em www.agpd.es.<\/p>\n<p>Tem tamb\u00e9m o direito de apresentar uma queixa junto da Ag\u00eancia Espanhola de Protec\u00e7\u00e3o de Dados.<\/p>\n<p><strong><u>COOKIES<\/u><\/strong><\/p>\n<p>Os dados que ser\u00e3o armazenados em cada &#8220;cookie&#8221; s\u00e3o os seguintes: l\u00edngua, data e hora da \u00faltima vez que o utilizador visitou o nosso website, concep\u00e7\u00e3o dos conte\u00fados que o utilizador escolheu na sua primeira visita ao nosso website e elementos de seguran\u00e7a envolvidos no controlo do acesso a \u00e1reas restritas.<\/p>\n<p>A partir deste website estudamos as prefer\u00eancias dos nossos utilizadores (caracter\u00edsticas demogr\u00e1ficas, os seus padr\u00f5es de tr\u00e1fego e outras informa\u00e7\u00f5es em conjunto para compreender o comportamento e perfil dos nossos utilizadores). O acompanhamento das prefer\u00eancias dos nossos utilizadores ajuda-nos a melhorar o nosso s\u00edtio e os nossos servi\u00e7os.<\/p>\n<p>Para tal, utilizamos o sistema Google Analytics (ferramenta do Google para medir o tr\u00e1fego do website), que pode armazenar cookies no seu computador para nos ajudar a recolher informa\u00e7\u00f5es que ser\u00e3o utilizadas unicamente para fins estat\u00edsticos e para estudar o comportamento dos utilizadores do nosso website. As informa\u00e7\u00f5es recolhidas pelo cookie (incluindo o endere\u00e7o IP) s\u00e3o armazenadas e transmitidas para os servidores da Google nos Estados Unidos.\u00a0 A Google utilizar\u00e1 estas informa\u00e7\u00f5es para compilar a sua actividade no nosso website e para gerar relat\u00f3rios, a fim de identificar a sua utiliza\u00e7\u00e3o do website.\u00a0\u00a0\u00a0\u00a0\u00a0\u00a0\u00a0\u00a0\u00a0\u00a0\u00a0\u00a0\u00a0\u00a0\u00a0 A Google poder\u00e1 tamb\u00e9m fornecer estas informa\u00e7\u00f5es a terceiros sempre que tal seja exigido por lei.\u00a0 Ao aceitar esta pol\u00edtica, consente que a Google utilize as informa\u00e7\u00f5es recolhidas pelo Google Analytics.<\/p>\n<p>Pode configurar o seu navegador para recusar o armazenamento de cookies no seu computador. Pode encontrar mais informa\u00e7\u00f5es na nossa Pol\u00edtica de Cookie.<\/p>\n<p><strong><u>INFORMA\u00c7\u00d5ES COMPLETAS SOBRE O TRATAMENTO DE DADOS PESSOAIS<\/u><\/strong><\/p>\n<p><strong><u>CONTROLADOR DE DADOS<\/u><\/strong><\/p>\n<p><strong>Quem \u00e9 respons\u00e1vel pelo tratamento dos seus dados?<\/strong><\/p>\n<p>&#8211; Identidade: <strong>Indetec marcaje y codificaci\u00f3n S.L.<\/strong><\/p>\n<p>&#8211; Endere\u00e7o postal: Avenida de Mendavia 11, Pabell\u00f3n N\u00ba 16 26009 Logro\u00f1o<\/p>\n<p>&#8211; E-mail: info@kodyka.com<\/p>\n<p><strong><u>OBJECTIVO DO PROCESSAMENTO<\/u><\/strong><\/p>\n<p><strong>Para que fins processamos os seus dados pessoais?<\/strong><\/p>\n<p><strong>Indetec marcaje y codificaci\u00f3n S.L. <\/strong>processa a informa\u00e7\u00e3o fornecida pelas partes interessadas para os seguintes fins:<\/p>\n<p>&#8211; Gest\u00e3o e administra\u00e7\u00e3o da rela\u00e7\u00e3o contratual estabelecida com <strong>fornecedores, clientes e empregados.<\/strong><\/p>\n<p>&#8211; Fornecer \u00e0s partes interessadas <strong>informa\u00e7\u00f5es comerciais <\/strong>sobre produtos e servi\u00e7os que possam ser do seu interesse.<\/p>\n<p>&#8211; Para responder \u00e0s suas d\u00favidas e perguntas no caso de nos colocar quaisquer quest\u00f5es atrav\u00e9s do <strong>s\u00edtio web<\/strong>.<\/p>\n<p>&#8211; Avalie a sua candidatura para uma futura vaga de emprego, se nos tiver fornecido o seu <strong>CV<\/strong>.<\/p>\n<p><strong>\u00a0<\/strong><\/p>\n<p><strong>Durante quanto tempo vamos manter os seus dados?<\/strong><\/p>\n<p>Os dados pessoais fornecidos ser\u00e3o retidos:<\/p>\n<ol>\n<li>(a) Enquanto a rela\u00e7\u00e3o comercial continuar.<\/li>\n<li>(b) O apagamento n\u00e3o \u00e9 solicitado pelo titular dos dados.<\/li>\n<li>(c) As informa\u00e7\u00f5es que s\u00e3o exigidas por lei para serem conservadas durante um per\u00edodo de tempo espec\u00edfico n\u00e3o ser\u00e3o apagadas at\u00e9 que tenha decorrido o tempo especificado por lei.<\/li>\n<\/ol>\n<p><strong><u>LEGITIMA\u00c7\u00c3O DO PROCESSAMENTO<\/u><\/strong><\/p>\n<p><strong>Qual \u00e9 a legitimidade para o tratamento dos seus dados?<\/strong><\/p>\n<p>A base legal para o processamento dos seus dados \u00e9 a seguinte:<\/p>\n<p>&#8211; Execu\u00e7\u00e3o do contrato no caso de ser <strong>empregado, cliente ou fornecedor.<\/strong><\/p>\n<p>&#8211; Consentimento do titular dos dados dado no s\u00edtio Web, no caso de fazer um pedido ou consulta no nosso formul\u00e1rio de contacto.<\/p>\n<p>&#8211; Pedido do titular dos dados para a aplica\u00e7\u00e3o de medidas pr\u00e9-contratuais no caso de ter enviado o seu CV.<\/p>\n<p>&#8211; Interesse leg\u00edtimo no <strong>envio de publicidade<\/strong>.<\/p>\n<p><strong><u>DESTINAT\u00c1RIOS DOS DADOS FORNECIDOS<\/u><\/strong><\/p>\n<p><strong>A que destinat\u00e1rios ser\u00e3o comunicados os seus dados?<\/strong><\/p>\n<ol>\n<li><strong>(a) Os <\/strong>dados devem ser comunicados <strong>por exig\u00eancia legal:<\/strong><\/li>\n<\/ol>\n<p>&#8211; Organismos de seguran\u00e7a social (Para empregados)<\/p>\n<p>&#8211; Administra\u00e7\u00e3o fiscal (No caso de empregados, fornecedores e clientes)<\/p>\n<p>&#8211; Outros organismos da administra\u00e7\u00e3o p\u00fablica (No caso de funcion\u00e1rios, fornecedores e clientes)<\/p>\n<ol>\n<li>(b) Os dados devem ser comunicados por <strong>exig\u00eancia contratual:<\/strong><\/li>\n<\/ol>\n<p>&#8211; Bancos, caixas econ\u00f3micas e bancos rurais<\/p>\n<p><strong><u>DIREITOS DAS PARTES INTERESSADAS<\/u><\/strong><\/p>\n<p><strong>Quais s\u00e3o os seus direitos?<\/strong><\/p>\n<p>Qualquer pessoa tem o direito de obter confirma\u00e7\u00e3o sobre se a <strong>Indetec marcaje y codificaci\u00f3n S.L. <\/strong>est\u00e1 ou n\u00e3o a processar os dados pessoais que lhe dizem respeito.<\/p>\n<p><em><u>Direito de acesso: <\/u><\/em>o titular dos dados pode solicitar ao Controlador de Dados que dados s\u00e3o tratados e, em caso afirmativo, que dados pessoais espec\u00edficos s\u00e3o tratados.<\/p>\n<p><em><u>Direito de rectifica\u00e7\u00e3o<\/u><\/em>: o titular dos dados pode solicitar ao Controlador de Dados que corrija os seus dados pessoais, se estes estiverem incorrectos.<\/p>\n<p><u>Direito de apagamento<\/u>: o titular dos dados pode solicitar ao Controlador que apague os seus dados pessoais quando, entre outras raz\u00f5es, os dados j\u00e1 n\u00e3o forem necess\u00e1rios para os fins para os quais foram recolhidos.<\/p>\n<p><em><u>Direito de oposi\u00e7\u00e3o<\/u><\/em>: o titular dos dados pode opor-se ao tratamento dos seus dados pessoais pelo Controlador.<\/p>\n<p><em><u>Direito \u00e0 restri\u00e7\u00e3o do tratamento<\/u><\/em>: o titular dos dados pode solicitar ao Controlador que cesse temporariamente o tratamento dos seus dados pessoais em casos espec\u00edficos.<\/p>\n<p><em><u>Direito \u00e0 portabilidade: <\/u><\/em>o titular dos dados pode solicitar ao Controlador de Dados os seus dados automatizados num formato estruturado que seja de f\u00e1cil acesso e utiliza\u00e7\u00e3o.<\/p>\n<p><strong>Como podem os direitos ser exercidos?<\/strong><\/p>\n<p>Por meio de uma carta dirigida \u00e0 <strong>Indetec marcaje y codificaci\u00f3n S.L.<\/strong><\/p>\n<p>Avenida de Mendavia 11, Pabell\u00f3n N\u00ba 16, 26009 Logro\u00f1o<\/p>\n<p><strong>Que vias de reclama\u00e7\u00e3o est\u00e3o dispon\u00edveis?<\/strong><\/p>\n<p>Se sentir que os seus direitos n\u00e3o foram devidamente tratados, tem o direito de apresentar uma queixa \u00e0 Ag\u00eancia Espanhola de Protec\u00e7\u00e3o de Dados, C\/ Jorge Juan, 6. 28001 &#8211; Madrid.<\/p>\n<\/div><\/section>\n","protected":false},"excerpt":{"rendered":"","protected":false},"author":1,"featured_media":0,"parent":0,"menu_order":0,"comment_status":"closed","ping_status":"open","template":"","meta":{"footnotes":""},"class_list":["post-18167","page","type-page","status-publish","hentry"],"_links":{"self":[{"href":"https:\/\/kodyka.com\/pt\/wp-json\/wp\/v2\/pages\/18167","targetHints":{"allow":["GET"]}}],"collection":[{"href":"https:\/\/kodyka.com\/pt\/wp-json\/wp\/v2\/pages"}],"about":[{"href":"https:\/\/kodyka.com\/pt\/wp-json\/wp\/v2\/types\/page"}],"author":[{"embeddable":true,"href":"https:\/\/kodyka.com\/pt\/wp-json\/wp\/v2\/users\/1"}],"replies":[{"embeddable":true,"href":"https:\/\/kodyka.com\/pt\/wp-json\/wp\/v2\/comments?post=18167"}],"version-history":[{"count":0,"href":"https:\/\/kodyka.com\/pt\/wp-json\/wp\/v2\/pages\/18167\/revisions"}],"wp:attachment":[{"href":"https:\/\/kodyka.com\/pt\/wp-json\/wp\/v2\/media?parent=18167"}],"curies":[{"name":"wp","href":"https:\/\/api.w.org\/{rel}","templated":true}]}}